{"id":4354,"date":"2020-06-30T11:57:47","date_gmt":"2020-06-30T09:57:47","guid":{"rendered":"https:\/\/territoire.emse.fr\/?page_id=4354"},"modified":"2020-06-30T14:40:41","modified_gmt":"2020-06-30T12:40:41","slug":"les-actualites","status":"publish","type":"page","link":"https:\/\/territoire.emse.fr\/?page_id=4354","title":{"rendered":"Les actualit\u00e9s"},"content":{"rendered":"\t\t<div data-elementor-type=\"wp-page\" data-elementor-id=\"4354\" class=\"elementor elementor-4354\">\n\t\t\t\t\t\t<section class=\"elementor-section elementor-top-section elementor-element elementor-element-daa4ae6 elementor-section-boxed elementor-section-height-default elementor-section-height-default\" data-id=\"daa4ae6\" data-element_type=\"section\" data-e-type=\"section\">\n\t\t\t\t\t\t<div class=\"elementor-container elementor-column-gap-default\">\n\t\t\t\t\t<div class=\"elementor-column elementor-col-100 elementor-top-column elementor-element elementor-element-b581756\" data-id=\"b581756\" data-element_type=\"column\" data-e-type=\"column\">\n\t\t\t<div class=\"elementor-widget-wrap elementor-element-populated\">\n\t\t\t\t\t\t<div class=\"elementor-element elementor-element-870e93d elementor-grid-eael-col-3 elementor-grid-tablet-eael-col-2 elementor-grid-mobile-eael-col-1 elementor-widget elementor-widget-eael-post-grid\" data-id=\"870e93d\" data-element_type=\"widget\" data-e-type=\"widget\" data-settings=\"{&quot;eael_post_grid_columns&quot;:&quot;eael-col-3&quot;,&quot;eael_post_grid_columns_tablet&quot;:&quot;eael-col-2&quot;,&quot;eael_post_grid_columns_mobile&quot;:&quot;eael-col-1&quot;}\" data-widget_type=\"eael-post-grid.default\">\n\t\t\t\t<div class=\"elementor-widget-container\">\n\t\t\t\t\t<div id=\"eael-post-grid-870e93d\" class=\"eael-post-grid-container\">\n            <div class=\"eael-post-grid eael-post-appender eael-post-appender-870e93d eael-post-grid-style-one\" data-layout-mode=\"masonry\"><article class=\"eael-grid-post  eael-post-grid-column eael-pg-post-4801 category-non-classe\" data-id=\"4801\">\n        <div class=\"eael-grid-post-holder\">\n            <div class=\"eael-grid-post-holder-inner\"><div class=\"eael-entry-media\"><div class=\"eael-entry-overlay slide-up\"><i class=\"fas fa-long-arrow-alt-right\" aria-hidden=\"true\"><\/i><a href=\"https:\/\/territoire.emse.fr\/?p=4801\"rel=\"nofollow\"target=\"_blank\"><\/a><\/div><div class=\"eael-entry-thumbnail \">\n                <img fetchpriority=\"high\" decoding=\"async\" width=\"300\" height=\"225\" src=\"https:\/\/territoire.emse.fr\/wp-content\/uploads\/2026\/04\/20260402_110058-300x225.webp\" class=\"attachment-medium size-medium wp-image-4802\" alt=\"\" srcset=\"https:\/\/territoire.emse.fr\/wp-content\/uploads\/2026\/04\/20260402_110058-300x225.webp 300w, https:\/\/territoire.emse.fr\/wp-content\/uploads\/2026\/04\/20260402_110058-154x116.webp 154w, https:\/\/territoire.emse.fr\/wp-content\/uploads\/2026\/04\/20260402_110058.webp 640w\" sizes=\"(max-width: 300px) 100vw, 300px\" \/>\n            <\/div>\n        <\/div><div class=\"eael-entry-wrapper\"><header class=\"eael-entry-header\"><p class=\"eael-entry-title\"><a class=\"eael-grid-post-link\" href=\"https:\/\/territoire.emse.fr\/?p=4801\" title=\"La plateforme Territoire accueille des coll\u00e9giennes et coll\u00e9giens dans le cadre de \u00ab Sciences en tous genres \u00bb\"rel=\"nofollow\"target=\"_blank\">La plateforme Territoire accueille des coll\u00e9giennes et coll\u00e9giens dans le cadre de \u00ab Sciences en tous genres \u00bb<\/a><\/p><\/header><div class=\"eael-entry-header-after\"><div class=\"eael-author-avatar\"><a href=\"https:\/\/territoire.emse.fr\/?author=1\"><img alt='florent' src='https:\/\/secure.gravatar.com\/avatar\/afe073a1f71b8f845fc3612b4b2a66c90d44b87230a798633322e8fec1763240?s=96&#038;d=mm&#038;r=g' srcset='https:\/\/secure.gravatar.com\/avatar\/afe073a1f71b8f845fc3612b4b2a66c90d44b87230a798633322e8fec1763240?s=192&#038;d=mm&#038;r=g 2x' class='avatar avatar-96 photo' height='96' width='96' \/><\/a><\/div><div class=\"eael-entry-meta\"><span class=\"eael-posted-on\"><time datetime=\"13 avril 2026\">13 avril 2026<\/time><\/span><\/div><\/div><div class=\"eael-entry-content\">\n                        <div class=\"eael-grid-post-excerpt\"><p>Le 2 avril, la plateforme Territoire de l\u2019Institut Henri Fayol a accueilli les \u00e9l\u00e8ves de 3\u1d49 du Coll\u00e8ge Les Champs...<\/p><a href=\"https:\/\/territoire.emse.fr\/?p=4801\" class=\"eael-post-elements-readmore-btn\"rel=\"nofollow\"target=\"_blank\">Lire la suite<\/a><\/div>\n                    <\/div><\/div><\/div>\n        <\/div>\n    <\/article><article class=\"eael-grid-post  eael-post-grid-column eael-pg-post-4785 category-non-classe\" data-id=\"4785\">\n        <div class=\"eael-grid-post-holder\">\n            <div class=\"eael-grid-post-holder-inner\"><div class=\"eael-entry-media\"><div class=\"eael-entry-overlay slide-up\"><i class=\"fas fa-long-arrow-alt-right\" aria-hidden=\"true\"><\/i><a href=\"https:\/\/territoire.emse.fr\/?p=4785\"rel=\"nofollow\"target=\"_blank\"><\/a><\/div><div class=\"eael-entry-thumbnail \">\n                <img decoding=\"async\" width=\"300\" height=\"225\" src=\"https:\/\/territoire.emse.fr\/wp-content\/uploads\/2025\/11\/CARA2025-001-300x225.webp\" class=\"attachment-medium size-medium wp-image-4787\" alt=\"\" srcset=\"https:\/\/territoire.emse.fr\/wp-content\/uploads\/2025\/11\/CARA2025-001-300x225.webp 300w, https:\/\/territoire.emse.fr\/wp-content\/uploads\/2025\/11\/CARA2025-001-155x116.webp 155w, https:\/\/territoire.emse.fr\/wp-content\/uploads\/2025\/11\/CARA2025-001.webp 640w\" sizes=\"(max-width: 300px) 100vw, 300px\" \/>\n            <\/div>\n        <\/div><div class=\"eael-entry-wrapper\"><header class=\"eael-entry-header\"><p class=\"eael-entry-title\"><a class=\"eael-grid-post-link\" href=\"https:\/\/territoire.emse.fr\/?p=4785\" title=\"La plateforme Territoire pr\u00e9sente \u00e0 la journ\u00e9e Innovative Mobility by CARA\"rel=\"nofollow\"target=\"_blank\">La plateforme Territoire pr\u00e9sente \u00e0 la journ\u00e9e Innovative Mobility by CARA<\/a><\/p><\/header><div class=\"eael-entry-header-after\"><div class=\"eael-author-avatar\"><a href=\"https:\/\/territoire.emse.fr\/?author=1\"><img alt='florent' src='https:\/\/secure.gravatar.com\/avatar\/afe073a1f71b8f845fc3612b4b2a66c90d44b87230a798633322e8fec1763240?s=96&#038;d=mm&#038;r=g' srcset='https:\/\/secure.gravatar.com\/avatar\/afe073a1f71b8f845fc3612b4b2a66c90d44b87230a798633322e8fec1763240?s=192&#038;d=mm&#038;r=g 2x' class='avatar avatar-96 photo' height='96' width='96' \/><\/a><\/div><div class=\"eael-entry-meta\"><span class=\"eael-posted-on\"><time datetime=\"6 novembre 2025\">6 novembre 2025<\/time><\/span><\/div><\/div><div class=\"eael-entry-content\">\n                        <div class=\"eael-grid-post-excerpt\"><p>Le\u00a015 octobre 2025,\u00a0Fabien Badeig, ing\u00e9nieur recherche \u00e0 l\u2019Institut Henri Fayol, a particip\u00e9 \u00e0 la journ\u00e9e\u00a0\u00ab Innovative Mobility by CARA :...<\/p><a href=\"https:\/\/territoire.emse.fr\/?p=4785\" class=\"eael-post-elements-readmore-btn\"rel=\"nofollow\"target=\"_blank\">Lire la suite<\/a><\/div>\n                    <\/div><\/div><\/div>\n        <\/div>\n    <\/article><article class=\"eael-grid-post  eael-post-grid-column eael-pg-post-4777 category-non-classe\" data-id=\"4777\">\n        <div class=\"eael-grid-post-holder\">\n            <div class=\"eael-grid-post-holder-inner\"><div class=\"eael-entry-media\"><div class=\"eael-entry-overlay slide-up\"><i class=\"fas fa-long-arrow-alt-right\" aria-hidden=\"true\"><\/i><a href=\"https:\/\/territoire.emse.fr\/?p=4777\"rel=\"nofollow\"target=\"_blank\"><\/a><\/div><div class=\"eael-entry-thumbnail \">\n                <img decoding=\"async\" width=\"300\" height=\"225\" src=\"https:\/\/territoire.emse.fr\/wp-content\/uploads\/2025\/03\/20250312_142523-300x225.webp\" class=\"attachment-medium size-medium wp-image-4778\" alt=\"\" srcset=\"https:\/\/territoire.emse.fr\/wp-content\/uploads\/2025\/03\/20250312_142523-300x225.webp 300w, https:\/\/territoire.emse.fr\/wp-content\/uploads\/2025\/03\/20250312_142523-154x116.webp 154w, https:\/\/territoire.emse.fr\/wp-content\/uploads\/2025\/03\/20250312_142523.webp 640w\" sizes=\"(max-width: 300px) 100vw, 300px\" \/>\n            <\/div>\n        <\/div><div class=\"eael-entry-wrapper\"><header class=\"eael-entry-header\"><p class=\"eael-entry-title\"><a class=\"eael-grid-post-link\" href=\"https:\/\/territoire.emse.fr\/?p=4777\" title=\"Cord\u00e9es de la R\u00e9ussite : l\u2019Institut Fayol accueille des lyc\u00e9ens pour d\u00e9couvrir l\u2019Industrie du Futur\"rel=\"nofollow\"target=\"_blank\">Cord\u00e9es de la R\u00e9ussite : l\u2019Institut Fayol accueille des lyc\u00e9ens pour d\u00e9couvrir l\u2019Industrie du Futur<\/a><\/p><\/header><div class=\"eael-entry-header-after\"><div class=\"eael-author-avatar\"><a href=\"https:\/\/territoire.emse.fr\/?author=1\"><img alt='florent' src='https:\/\/secure.gravatar.com\/avatar\/afe073a1f71b8f845fc3612b4b2a66c90d44b87230a798633322e8fec1763240?s=96&#038;d=mm&#038;r=g' srcset='https:\/\/secure.gravatar.com\/avatar\/afe073a1f71b8f845fc3612b4b2a66c90d44b87230a798633322e8fec1763240?s=192&#038;d=mm&#038;r=g 2x' class='avatar avatar-96 photo' height='96' width='96' \/><\/a><\/div><div class=\"eael-entry-meta\"><span class=\"eael-posted-on\"><time datetime=\"18 mars 2025\">18 mars 2025<\/time><\/span><\/div><\/div><div class=\"eael-entry-content\">\n                        <div class=\"eael-grid-post-excerpt\"><p>Ce 12 mars, l\u2019Institut Fayol \u00e9tait heureux d\u2019accueillir des lyc\u00e9ens dans le cadre de l\u2019association R\u00e9ussir\u00a0Aujourd\u2019hui et ainsi de participer...<\/p><a href=\"https:\/\/territoire.emse.fr\/?p=4777\" class=\"eael-post-elements-readmore-btn\"rel=\"nofollow\"target=\"_blank\">Lire la suite<\/a><\/div>\n                    <\/div><\/div><\/div>\n        <\/div>\n    <\/article><article class=\"eael-grid-post  eael-post-grid-column eael-pg-post-4687 category-non-classe\" data-id=\"4687\">\n        <div class=\"eael-grid-post-holder\">\n            <div class=\"eael-grid-post-holder-inner\"><div class=\"eael-entry-media\"><div class=\"eael-entry-overlay slide-up\"><i class=\"fas fa-long-arrow-alt-right\" aria-hidden=\"true\"><\/i><a href=\"https:\/\/territoire.emse.fr\/?p=4687\"rel=\"nofollow\"target=\"_blank\"><\/a><\/div><div class=\"eael-entry-thumbnail \">\n                <img loading=\"lazy\" decoding=\"async\" width=\"300\" height=\"200\" src=\"https:\/\/territoire.emse.fr\/wp-content\/uploads\/2023\/12\/ATEC_ITS_2023_01_18_\u00a9_Gael_Kazaz-3668.jpg\" class=\"attachment-medium size-medium wp-image-4689\" alt=\"\" \/>\n            <\/div>\n        <\/div><div class=\"eael-entry-wrapper\"><header class=\"eael-entry-header\"><p class=\"eael-entry-title\"><a class=\"eael-grid-post-link\" href=\"https:\/\/territoire.emse.fr\/?p=4687\" title=\"La Plateforme Territoire au 51\u00e8me Congr\u00e8s ATEC ITS France\"rel=\"nofollow\"target=\"_blank\">La Plateforme Territoire au 51\u00e8me Congr\u00e8s ATEC ITS France<\/a><\/p><\/header><div class=\"eael-entry-header-after\"><div class=\"eael-author-avatar\"><a href=\"https:\/\/territoire.emse.fr\/?author=1\"><img alt='florent' src='https:\/\/secure.gravatar.com\/avatar\/afe073a1f71b8f845fc3612b4b2a66c90d44b87230a798633322e8fec1763240?s=96&#038;d=mm&#038;r=g' srcset='https:\/\/secure.gravatar.com\/avatar\/afe073a1f71b8f845fc3612b4b2a66c90d44b87230a798633322e8fec1763240?s=192&#038;d=mm&#038;r=g 2x' class='avatar avatar-96 photo' height='96' width='96' \/><\/a><\/div><div class=\"eael-entry-meta\"><span class=\"eael-posted-on\"><time datetime=\"4 d\u00e9cembre 2023\">4 d\u00e9cembre 2023<\/time><\/span><\/div><\/div><div class=\"eael-entry-content\">\n                        <div class=\"eael-grid-post-excerpt\"><p>Les 23 et 24 janvier 2024, aux portes de Paris (Beffroi de Montrouge), le 51\u00e8me Congres ATEC ITS France r\u00e9unira...<\/p><a href=\"https:\/\/territoire.emse.fr\/?p=4687\" class=\"eael-post-elements-readmore-btn\"rel=\"nofollow\"target=\"_blank\">Lire la suite<\/a><\/div>\n                    <\/div><\/div><\/div>\n        <\/div>\n    <\/article><article class=\"eael-grid-post  eael-post-grid-column eael-pg-post-4679 category-non-classe\" data-id=\"4679\">\n        <div class=\"eael-grid-post-holder\">\n            <div class=\"eael-grid-post-holder-inner\"><div class=\"eael-entry-media\"><div class=\"eael-entry-overlay slide-up\"><i class=\"fas fa-long-arrow-alt-right\" aria-hidden=\"true\"><\/i><a href=\"https:\/\/territoire.emse.fr\/?p=4679\"rel=\"nofollow\"target=\"_blank\"><\/a><\/div><div class=\"eael-entry-thumbnail \">\n                <img loading=\"lazy\" decoding=\"async\" width=\"300\" height=\"168\" src=\"https:\/\/territoire.emse.fr\/wp-content\/uploads\/2023\/06\/loire-connect-300x168.jpg\" class=\"attachment-medium size-medium wp-image-4681\" alt=\"\" srcset=\"https:\/\/territoire.emse.fr\/wp-content\/uploads\/2023\/06\/loire-connect-300x168.jpg 300w, https:\/\/territoire.emse.fr\/wp-content\/uploads\/2023\/06\/loire-connect.jpg 563w\" sizes=\"(max-width: 300px) 100vw, 300px\" \/>\n            <\/div>\n        <\/div><div class=\"eael-entry-wrapper\"><header class=\"eael-entry-header\"><p class=\"eael-entry-title\"><a class=\"eael-grid-post-link\" href=\"https:\/\/territoire.emse.fr\/?p=4679\" title=\"Le projet \u00ab LoireConnecTID \u00bb laur\u00e9at de l\u2019appel \u00e0 projets \u00ab Territoires intelligents et durables (TID)\"rel=\"nofollow\"target=\"_blank\">Le projet \u00ab LoireConnecTID \u00bb laur\u00e9at de l\u2019appel \u00e0 projets \u00ab Territoires intelligents et durables (TID)<\/a><\/p><\/header><div class=\"eael-entry-header-after\"><div class=\"eael-author-avatar\"><a href=\"https:\/\/territoire.emse.fr\/?author=1\"><img alt='florent' src='https:\/\/secure.gravatar.com\/avatar\/afe073a1f71b8f845fc3612b4b2a66c90d44b87230a798633322e8fec1763240?s=96&#038;d=mm&#038;r=g' srcset='https:\/\/secure.gravatar.com\/avatar\/afe073a1f71b8f845fc3612b4b2a66c90d44b87230a798633322e8fec1763240?s=192&#038;d=mm&#038;r=g 2x' class='avatar avatar-96 photo' height='96' width='96' \/><\/a><\/div><div class=\"eael-entry-meta\"><span class=\"eael-posted-on\"><time datetime=\"13 juin 2023\">13 juin 2023<\/time><\/span><\/div><\/div><div class=\"eael-entry-content\">\n                        <div class=\"eael-grid-post-excerpt\"><p>C&rsquo;est avec un grand plaisir que la Plateforme Territoire de l&rsquo;Institut Fayol, vous informe que le projet \u00ab\u00a0LoireConnecTID\u00ab\u00a0, dont elle...<\/p><a href=\"https:\/\/territoire.emse.fr\/?p=4679\" class=\"eael-post-elements-readmore-btn\"rel=\"nofollow\"target=\"_blank\">Lire la suite<\/a><\/div>\n                    <\/div><\/div><\/div>\n        <\/div>\n    <\/article><article class=\"eael-grid-post  eael-post-grid-column eael-pg-post-4577 category-non-classe\" data-id=\"4577\">\n        <div class=\"eael-grid-post-holder\">\n            <div class=\"eael-grid-post-holder-inner\"><div class=\"eael-entry-media\"><div class=\"eael-entry-overlay slide-up\"><i class=\"fas fa-long-arrow-alt-right\" aria-hidden=\"true\"><\/i><a href=\"https:\/\/territoire.emse.fr\/?p=4577\"rel=\"nofollow\"target=\"_blank\"><\/a><\/div><div class=\"eael-entry-thumbnail \">\n                <img loading=\"lazy\" decoding=\"async\" width=\"300\" height=\"225\" src=\"https:\/\/territoire.emse.fr\/wp-content\/uploads\/2021\/11\/territoire-300x225.png\" class=\"attachment-medium size-medium wp-image-4573\" alt=\"\" srcset=\"https:\/\/territoire.emse.fr\/wp-content\/uploads\/2021\/11\/territoire-300x225.png 300w, https:\/\/territoire.emse.fr\/wp-content\/uploads\/2021\/11\/territoire-768x576.png 768w, https:\/\/territoire.emse.fr\/wp-content\/uploads\/2021\/11\/territoire.png 1009w\" sizes=\"(max-width: 300px) 100vw, 300px\" \/>\n            <\/div>\n        <\/div><div class=\"eael-entry-wrapper\"><header class=\"eael-entry-header\"><p class=\"eael-entry-title\"><a class=\"eael-grid-post-link\" href=\"https:\/\/territoire.emse.fr\/?p=4577\" title=\"La plateforme territoire pr\u00e9sent\u00e9e \u00e0 la Journ\u00e9e industrielle et scientifique d\u2019IDfriches\"rel=\"nofollow\"target=\"_blank\">La plateforme territoire pr\u00e9sent\u00e9e \u00e0 la Journ\u00e9e industrielle et scientifique d\u2019IDfriches<\/a><\/p><\/header><div class=\"eael-entry-header-after\"><div class=\"eael-author-avatar\"><a href=\"https:\/\/territoire.emse.fr\/?author=1\"><img alt='florent' src='https:\/\/secure.gravatar.com\/avatar\/afe073a1f71b8f845fc3612b4b2a66c90d44b87230a798633322e8fec1763240?s=96&#038;d=mm&#038;r=g' srcset='https:\/\/secure.gravatar.com\/avatar\/afe073a1f71b8f845fc3612b4b2a66c90d44b87230a798633322e8fec1763240?s=192&#038;d=mm&#038;r=g 2x' class='avatar avatar-96 photo' height='96' width='96' \/><\/a><\/div><div class=\"eael-entry-meta\"><span class=\"eael-posted-on\"><time datetime=\"14 d\u00e9cembre 2021\">14 d\u00e9cembre 2021<\/time><\/span><\/div><\/div><div class=\"eael-entry-content\">\n                        <div class=\"eael-grid-post-excerpt\"><p>Ce mardi 7 d\u00e9cembre, Flavien Balbo, enseignant-chercheur de Mines Saint-Etienne, Responsable de la plateforme territoire et du d\u00e9partement\u00a0Informatique et\u00a0Syst\u00e8mes\u00a0Intelligents (ISI)...<\/p><a href=\"https:\/\/territoire.emse.fr\/?p=4577\" class=\"eael-post-elements-readmore-btn\"rel=\"nofollow\"target=\"_blank\">Lire la suite<\/a><\/div>\n                    <\/div><\/div><\/div>\n        <\/div>\n    <\/article><article class=\"eael-grid-post  eael-post-grid-column eael-pg-post-4572 category-non-classe\" data-id=\"4572\">\n        <div class=\"eael-grid-post-holder\">\n            <div class=\"eael-grid-post-holder-inner\"><div class=\"eael-entry-media\"><div class=\"eael-entry-overlay slide-up\"><i class=\"fas fa-long-arrow-alt-right\" aria-hidden=\"true\"><\/i><a href=\"https:\/\/territoire.emse.fr\/?p=4572\"rel=\"nofollow\"target=\"_blank\"><\/a><\/div><div class=\"eael-entry-thumbnail \">\n                <img loading=\"lazy\" decoding=\"async\" width=\"300\" height=\"225\" src=\"https:\/\/territoire.emse.fr\/wp-content\/uploads\/2021\/11\/territoire-300x225.png\" class=\"attachment-medium size-medium wp-image-4573\" alt=\"\" srcset=\"https:\/\/territoire.emse.fr\/wp-content\/uploads\/2021\/11\/territoire-300x225.png 300w, https:\/\/territoire.emse.fr\/wp-content\/uploads\/2021\/11\/territoire-768x576.png 768w, https:\/\/territoire.emse.fr\/wp-content\/uploads\/2021\/11\/territoire.png 1009w\" sizes=\"(max-width: 300px) 100vw, 300px\" \/>\n            <\/div>\n        <\/div><div class=\"eael-entry-wrapper\"><header class=\"eael-entry-header\"><p class=\"eael-entry-title\"><a class=\"eael-grid-post-link\" href=\"https:\/\/territoire.emse.fr\/?p=4572\" title=\"La plateforme territoire pr\u00e9sent\u00e9e \u00e0 la Journ\u00e9e industrielle et scientifique de la chaire RECONVERT\"rel=\"nofollow\"target=\"_blank\">La plateforme territoire pr\u00e9sent\u00e9e \u00e0 la Journ\u00e9e industrielle et scientifique de la chaire RECONVERT<\/a><\/p><\/header><div class=\"eael-entry-header-after\"><div class=\"eael-author-avatar\"><a href=\"https:\/\/territoire.emse.fr\/?author=1\"><img alt='florent' src='https:\/\/secure.gravatar.com\/avatar\/afe073a1f71b8f845fc3612b4b2a66c90d44b87230a798633322e8fec1763240?s=96&#038;d=mm&#038;r=g' srcset='https:\/\/secure.gravatar.com\/avatar\/afe073a1f71b8f845fc3612b4b2a66c90d44b87230a798633322e8fec1763240?s=192&#038;d=mm&#038;r=g 2x' class='avatar avatar-96 photo' height='96' width='96' \/><\/a><\/div><div class=\"eael-entry-meta\"><span class=\"eael-posted-on\"><time datetime=\"23 novembre 2021\">23 novembre 2021<\/time><\/span><\/div><\/div><div class=\"eael-entry-content\">\n                        <div class=\"eael-grid-post-excerpt\"><p>Ce jeudi 25 novembre, Flavien Balbo, enseignant-chercheur de Mines Saint-Etienne, Responsable de la plateforme territoire et du d\u00e9partement Informatique et\u00a0Syst\u00e8mes\u00a0Intelligents...<\/p><a href=\"https:\/\/territoire.emse.fr\/?p=4572\" class=\"eael-post-elements-readmore-btn\"rel=\"nofollow\"target=\"_blank\">Lire la suite<\/a><\/div>\n                    <\/div><\/div><\/div>\n        <\/div>\n    <\/article><article class=\"eael-grid-post  eael-post-grid-column eael-pg-post-4562 category-non-classe\" data-id=\"4562\">\n        <div class=\"eael-grid-post-holder\">\n            <div class=\"eael-grid-post-holder-inner\"><div class=\"eael-entry-media\"><div class=\"eael-entry-overlay slide-up\"><i class=\"fas fa-long-arrow-alt-right\" aria-hidden=\"true\"><\/i><a href=\"https:\/\/territoire.emse.fr\/?p=4562\"rel=\"nofollow\"target=\"_blank\"><\/a><\/div><div class=\"eael-entry-thumbnail \">\n                <img loading=\"lazy\" decoding=\"async\" width=\"258\" height=\"96\" src=\"https:\/\/territoire.emse.fr\/wp-content\/uploads\/2021\/08\/logo-anr.png\" class=\"attachment-medium size-medium wp-image-4564\" alt=\"\" \/>\n            <\/div>\n        <\/div><div class=\"eael-entry-wrapper\"><header class=\"eael-entry-header\"><p class=\"eael-entry-title\"><a class=\"eael-grid-post-link\" href=\"https:\/\/territoire.emse.fr\/?p=4562\" title=\"La plateforme Territoire participe \u00e0 un nouveau projet ANR en Intelligence Artificielle\"rel=\"nofollow\"target=\"_blank\">La plateforme Territoire participe \u00e0 un nouveau projet ANR en Intelligence Artificielle<\/a><\/p><\/header><div class=\"eael-entry-header-after\"><div class=\"eael-author-avatar\"><a href=\"https:\/\/territoire.emse.fr\/?author=1\"><img alt='florent' src='https:\/\/secure.gravatar.com\/avatar\/afe073a1f71b8f845fc3612b4b2a66c90d44b87230a798633322e8fec1763240?s=96&#038;d=mm&#038;r=g' srcset='https:\/\/secure.gravatar.com\/avatar\/afe073a1f71b8f845fc3612b4b2a66c90d44b87230a798633322e8fec1763240?s=192&#038;d=mm&#038;r=g 2x' class='avatar avatar-96 photo' height='96' width='96' \/><\/a><\/div><div class=\"eael-entry-meta\"><span class=\"eael-posted-on\"><time datetime=\"25 ao\u00fbt 2021\">25 ao\u00fbt 2021<\/time><\/span><\/div><\/div><div class=\"eael-entry-content\">\n                        <div class=\"eael-grid-post-excerpt\"><p>Le projet MaestrIoT (Processus de d\u00e9cision multi-agent de confiance pour l\u2019Internet des Objets) a \u00e9t\u00e9 retenu par l\u2019ANR (Agence nationale...<\/p><a href=\"https:\/\/territoire.emse.fr\/?p=4562\" class=\"eael-post-elements-readmore-btn\"rel=\"nofollow\"target=\"_blank\">Lire la suite<\/a><\/div>\n                    <\/div><\/div><\/div>\n        <\/div>\n    <\/article><article class=\"eael-grid-post  eael-post-grid-column eael-pg-post-4438 category-non-classe\" data-id=\"4438\">\n        <div class=\"eael-grid-post-holder\">\n            <div class=\"eael-grid-post-holder-inner\"><div class=\"eael-entry-media\"><div class=\"eael-entry-overlay slide-up\"><i class=\"fas fa-long-arrow-alt-right\" aria-hidden=\"true\"><\/i><a href=\"https:\/\/territoire.emse.fr\/?p=4438\"rel=\"nofollow\"target=\"_blank\"><\/a><\/div><div class=\"eael-entry-thumbnail \">\n                <img loading=\"lazy\" decoding=\"async\" width=\"300\" height=\"166\" src=\"https:\/\/territoire.emse.fr\/wp-content\/uploads\/2020\/12\/publication-300x166.png\" class=\"attachment-medium size-medium wp-image-4440\" alt=\"\" srcset=\"https:\/\/territoire.emse.fr\/wp-content\/uploads\/2020\/12\/publication-300x166.png 300w, https:\/\/territoire.emse.fr\/wp-content\/uploads\/2020\/12\/publication-1024x567.png 1024w, https:\/\/territoire.emse.fr\/wp-content\/uploads\/2020\/12\/publication-768x425.png 768w, https:\/\/territoire.emse.fr\/wp-content\/uploads\/2020\/12\/publication.png 1162w\" sizes=\"(max-width: 300px) 100vw, 300px\" \/>\n            <\/div>\n        <\/div><div class=\"eael-entry-wrapper\"><header class=\"eael-entry-header\"><p class=\"eael-entry-title\"><a class=\"eael-grid-post-link\" href=\"https:\/\/territoire.emse.fr\/?p=4438\" title=\"Nouvelle publication \u00e0 para\u00eetre\"rel=\"nofollow\"target=\"_blank\">Nouvelle publication \u00e0 para\u00eetre<\/a><\/p><\/header><div class=\"eael-entry-header-after\"><div class=\"eael-author-avatar\"><a href=\"https:\/\/territoire.emse.fr\/?author=1\"><img alt='florent' src='https:\/\/secure.gravatar.com\/avatar\/afe073a1f71b8f845fc3612b4b2a66c90d44b87230a798633322e8fec1763240?s=96&#038;d=mm&#038;r=g' srcset='https:\/\/secure.gravatar.com\/avatar\/afe073a1f71b8f845fc3612b4b2a66c90d44b87230a798633322e8fec1763240?s=192&#038;d=mm&#038;r=g 2x' class='avatar avatar-96 photo' height='96' width='96' \/><\/a><\/div><div class=\"eael-entry-meta\"><span class=\"eael-posted-on\"><time datetime=\"3 d\u00e9cembre 2020\">3 d\u00e9cembre 2020<\/time><\/span><\/div><\/div><div class=\"eael-entry-content\">\n                        <div class=\"eael-grid-post-excerpt\"><p>ORNInA: A Decentralized, Auction-based Multi-agent Coordination in ODT Systems Online Rescheduling with Neighborhood exchange, based on Insertion heuristic and Auctions...<\/p><a href=\"https:\/\/territoire.emse.fr\/?p=4438\" class=\"eael-post-elements-readmore-btn\"rel=\"nofollow\"target=\"_blank\">Lire la suite<\/a><\/div>\n                    <\/div><\/div><\/div>\n        <\/div>\n    <\/article><article class=\"eael-grid-post  eael-post-grid-column eael-pg-post-4381 category-non-classe tags-batiment-changement-climatique\" data-id=\"4381\">\n        <div class=\"eael-grid-post-holder\">\n            <div class=\"eael-grid-post-holder-inner\"><div class=\"eael-entry-media\"><div class=\"eael-entry-overlay slide-up\"><i class=\"fas fa-long-arrow-alt-right\" aria-hidden=\"true\"><\/i><a href=\"https:\/\/territoire.emse.fr\/?p=4381\"rel=\"nofollow\"target=\"_blank\"><\/a><\/div><div class=\"eael-entry-thumbnail \">\n                <img loading=\"lazy\" decoding=\"async\" width=\"300\" height=\"200\" src=\"https:\/\/territoire.emse.fr\/wp-content\/uploads\/2012\/04\/portfolio-05.jpg\" class=\"attachment-medium size-medium wp-image-3579\" alt=\"\" \/>\n            <\/div>\n        <\/div><div class=\"eael-entry-wrapper\"><header class=\"eael-entry-header\"><p class=\"eael-entry-title\"><a class=\"eael-grid-post-link\" href=\"https:\/\/territoire.emse.fr\/?p=4381\" title=\"Le Haut conseil au climat tance le gouvernement fran\u00e7ais &#8211; L&rsquo;Usine Energie\"rel=\"nofollow\"target=\"_blank\">Le Haut conseil au climat tance le gouvernement fran\u00e7ais &#8211; L&rsquo;Usine Energie<\/a><\/p><\/header><div class=\"eael-entry-header-after\"><div class=\"eael-author-avatar\"><a href=\"https:\/\/territoire.emse.fr\/?author=1\"><img alt='florent' src='https:\/\/secure.gravatar.com\/avatar\/afe073a1f71b8f845fc3612b4b2a66c90d44b87230a798633322e8fec1763240?s=96&#038;d=mm&#038;r=g' srcset='https:\/\/secure.gravatar.com\/avatar\/afe073a1f71b8f845fc3612b4b2a66c90d44b87230a798633322e8fec1763240?s=192&#038;d=mm&#038;r=g 2x' class='avatar avatar-96 photo' height='96' width='96' \/><\/a><\/div><div class=\"eael-entry-meta\"><span class=\"eael-posted-on\"><time datetime=\"8 juillet 2020\">8 juillet 2020<\/time><\/span><\/div><\/div><div class=\"eael-entry-content\">\n                        <div class=\"eael-grid-post-excerpt\"><p>Corinne Le Qu\u00e9r\u00e9, la pr\u00e9sidente du Haut conseil au climat a pr\u00e9sent\u00e9 le rapport Neutralit\u00e9 carbone 2020. La France est...<\/p><a href=\"https:\/\/territoire.emse.fr\/?p=4381\" class=\"eael-post-elements-readmore-btn\"rel=\"nofollow\"target=\"_blank\">Lire la suite<\/a><\/div>\n                    <\/div><\/div><\/div>\n        <\/div>\n    <\/article><\/div>\n            <div class=\"clearfix\"><\/div>\n        <\/div>            <div class=\"eael-load-more-button-wrap\">\n                <button class=\"eael-load-more-button\" id=\"eael-load-more-btn-870e93d\" data-widget-id=\"870e93d\" data-widget=\"870e93d\" data-page-id=\"4354\" data-template=\"{&quot;dir&quot;:&quot;lite&quot;,&quot;file_name&quot;:&quot;one.php&quot;,&quot;name&quot;:&quot;Post-Grid&quot;}\" data-class=\"Essential_Addons_Elementor\\Elements\\Post_Grid\" data-layout=\"masonry\" data-page=\"1\" data-args=\"orderby=date&amp;order=desc&amp;ignore_sticky_posts=1&amp;post_status=publish&amp;posts_per_page=10&amp;offset=0&amp;post_type=post\" data-max-page=\"9\">\n                    <span class=\"eael-btn-loader button__loader\"><\/span>\n                    <span class=\"eael_load_more_text\">Lire la suite<\/span>\n                <\/button>\n            <\/div>\n            \t\t\t\t<\/div>\n\t\t\t\t<\/div>\n\t\t\t\t\t<\/div>\n\t\t<\/div>\n\t\t\t\t\t<\/div>\n\t\t<\/section>\n\t\t\t\t<\/div>\n\t\t","protected":false},"excerpt":{"rendered":"<p>A Saint-Etienne, l\u2019algorithmique d\u2019Imope aide \u00e0 r\u00e9aliser des \u00e9conomies d\u2019\u00e9nergie 25 juin 2020 Deux St\u00e9phanois ont cr\u00e9\u00e9 Imope, un outil qui permet de croiser des donn\u00e9es pour mieux cibler les actions d\u2019am\u00e9lioration de&#8230; Lire la suite Offre de th\u00e8se en partenariat avec le CSTB : \u00ab\u00a0R\u00e9novation \u00e9nerg\u00e9tique d\u2019un territoire\u00a0\u00bb 15 mai 2020 Sujet : Evaluation du potentiel de r\u00e9novation \u00e9nerg\u00e9tique d\u2019un territoire au regard des MTD dans le cadre de d\u00e9marches de&#8230; Lire la suite Analyse environnementale \u00e0 l&rsquo;aide des&hellip;<\/p>\n","protected":false},"author":1,"featured_media":0,"parent":0,"menu_order":0,"comment_status":"closed","ping_status":"closed","template":"","meta":{"footnotes":""},"class_list":["post-4354","page","type-page","status-publish","hentry","post-has-thumbnail"],"_links":{"self":[{"href":"https:\/\/territoire.emse.fr\/index.php?rest_route=\/wp\/v2\/pages\/4354","targetHints":{"allow":["GET"]}}],"collection":[{"href":"https:\/\/territoire.emse.fr\/index.php?rest_route=\/wp\/v2\/pages"}],"about":[{"href":"https:\/\/territoire.emse.fr\/index.php?rest_route=\/wp\/v2\/types\/page"}],"author":[{"embeddable":true,"href":"https:\/\/territoire.emse.fr\/index.php?rest_route=\/wp\/v2\/users\/1"}],"replies":[{"embeddable":true,"href":"https:\/\/territoire.emse.fr\/index.php?rest_route=%2Fwp%2Fv2%2Fcomments&post=4354"}],"version-history":[{"count":7,"href":"https:\/\/territoire.emse.fr\/index.php?rest_route=\/wp\/v2\/pages\/4354\/revisions"}],"predecessor-version":[{"id":4667,"href":"https:\/\/territoire.emse.fr\/index.php?rest_route=\/wp\/v2\/pages\/4354\/revisions\/4667"}],"wp:attachment":[{"href":"https:\/\/territoire.emse.fr\/index.php?rest_route=%2Fwp%2Fv2%2Fmedia&parent=4354"}],"curies":[{"name":"wp","href":"https:\/\/api.w.org\/{rel}","templated":true}]}}